{"id":25,"date":"2012-07-31T14:15:20","date_gmt":"2012-07-31T12:15:20","guid":{"rendered":"http:\/\/localhost:8888\/?page_id=25"},"modified":"2012-08-13T09:30:23","modified_gmt":"2012-08-13T09:30:23","slug":"utsmyckningar","status":"publish","type":"page","link":"http:\/\/andrea.nu\/?page_id=25","title":{"rendered":"Sagolunden"},"content":{"rendered":"<p><strong>Sagolunden p\u00e5 H\u00f6gsbo bibliotek\/G\u00f6teborg<\/strong><br \/>\nInf\u00f6r IFLA kongressen (<em>International Federation of Library Associations<\/em>) i G\u00f6teborg 2010 fick jag n\u00f6jet att g\u00f6ra \u201dtotal makeover\u201d p\u00e5 bibliotekets lilla sagorum. De v\u00e4ggfasta b\u00e4nkarna och miniportalen mot biblioteket fanns sedan tidigare. Likas\u00e5 den vackra stolen och de mindre vackra lysr\u00f6ren i taket.<br \/>\n<strong>F\u00f6re<\/strong><strong><\/strong><\/p>\n<p><strong><a href=\"http:\/\/andrea.nu\/wp-content\/uploads\/2012\/07\/sagorum_fo\u0308re.jpg\"><img loading=\"lazy\" class=\"alignnone size-full wp-image-399\" title=\"sagorum_fo\u0308re\" src=\"http:\/\/andrea.nu\/wp-content\/uploads\/2012\/07\/sagorum_fo\u0308re-e1344849973749.jpg\" alt=\"\" width=\"900\" height=\"233\" \/><\/a><\/strong><br \/>\n<strong> Efter<\/strong><\/p>\n<p><strong><a href=\"http:\/\/andrea.nu\/wp-content\/uploads\/2012\/07\/sagorum_klart.jpg\"><img loading=\"lazy\" class=\"alignnone size-full wp-image-400\" title=\"sagorum_klart\" src=\"http:\/\/andrea.nu\/wp-content\/uploads\/2012\/07\/sagorum_klart-e1344850025701.jpg\" alt=\"\" width=\"900\" height=\"326\" \/><\/a><br \/>\nArbetsg\u00e5ngen<\/strong><br \/>\nI ett sagorum ska det finnas plats f\u00f6r m\u00f6ten och ber\u00e4ttelser av alla\u00a0 slag &#8211; det var min f\u00f6rsta tanke. Jag b\u00f6rjade med att bygga en modell: ljusa f\u00e4rger och ett tr\u00e4d med utstr\u00e4ckta grenar som vidgar rummet.<\/p>\n<p><a href=\"http:\/\/andrea.nu\/wp-content\/uploads\/2012\/07\/sagorum5.jpg\"><img loading=\"lazy\" class=\"alignnone size-full wp-image-402\" title=\"sagorum5\" src=\"http:\/\/andrea.nu\/wp-content\/uploads\/2012\/07\/sagorum5-e1344850064329.jpg\" alt=\"\" width=\"700\" height=\"601\" \/><\/a><br \/>\nBelysningen var en klurig kn\u00e4ckfr\u00e5ga. Ekonomin till\u00e4t inte ink\u00f6p av ny armatur och l\u00f6sningen blev en kvadratisk guldm\u00e5lad sp\u00e5nskiva med uts\u00e5gad cirkel i mitten och inf\u00e4llda spotlights runtom (typ soluppg\u00e5ng) och som snickrades ihop av bibliotekariens h\u00e4ndige make. Nu passade inte l\u00e4ngre det gamla namnet &#8221;Sagogrottan&#8221;. Det fick bli &#8221;Sagolunden&#8221; i st\u00e4llet.<\/p>\n<p>H\u00e4r testas id\u00e9n i 100% b\u00e5de p\u00e5 golvet och v\u00e4ggen. Kan kanske tyckas on\u00f6digt, men det som ser bra ut i liten skala funkar inte alltid i stor. H\u00e4r f\u00f6redrar jag h\u00e4ngsle och livrem framf\u00f6r att st\u00e5 med sk\u00e4gget i brevl\u00e5dan. Och den lilla modellen fanns med i rummet hela tiden som en p\u00e5minnelse om m\u00e5let.<\/p>\n<p><a href=\"http:\/\/andrea.nu\/wp-content\/uploads\/2012\/07\/uttlagt_trad.jpg\"><img loading=\"lazy\" class=\"alignnone size-full wp-image-404\" title=\"uttlagt_trad\" src=\"http:\/\/andrea.nu\/wp-content\/uploads\/2012\/07\/uttlagt_trad-e1344850106940.jpg\" alt=\"\" width=\"700\" height=\"179\" \/><\/a><br \/>\nTest med brunt papper: hur stor ska sp\u00e5nplattelampan vara? Och f\u00e5geln och ekorrarna? Det blir fort st\u00f6kigt ocks\u00e5.<\/p>\n<p><a href=\"http:\/\/andrea.nu\/wp-content\/uploads\/2012\/07\/underarbete.jpg\"><img loading=\"lazy\" class=\"alignnone size-full wp-image-403\" title=\"underarbete\" src=\"http:\/\/andrea.nu\/wp-content\/uploads\/2012\/07\/underarbete-e1344850150726.jpg\" alt=\"\" width=\"700\" height=\"280\" \/><\/a><br \/>\nArbetsmaterialet \u00e4r akrylf\u00e4rger av konstn\u00e4rskvalit\u00e9 och guldf\u00e4rgen kommer fr\u00e5n underbara <a href=\"http:\/\/www.farben-kacza.de\" target=\"_blank\">Farben Kacza<\/a> i Berlin\u00a0 d\u00e4r man kan k\u00f6pa f\u00e4rgpigment i l\u00f6svikt. Tiden g\u00e5r fort n\u00e4r man har roligt och deadline n\u00e4rmar sig. Tur att dottern ville hj\u00e4lpa till.<\/p>\n<p><a href=\"http:\/\/andrea.nu\/wp-content\/uploads\/2012\/07\/farger.jpg\"><img loading=\"lazy\" class=\"alignnone size-full wp-image-406\" title=\"farger\" src=\"http:\/\/andrea.nu\/wp-content\/uploads\/2012\/07\/farger-e1344850212946.jpg\" alt=\"\" width=\"900\" height=\"289\" \/><\/a><\/p>\n","protected":false},"excerpt":{"rendered":"<p>Sagolunden p\u00e5 H\u00f6gsbo bibliotek\/G\u00f6teborg Inf\u00f6r IFLA kongressen (International Federation of Library Associations) i G\u00f6teborg 2010 fick jag n\u00f6jet att g\u00f6ra \u201dtotal makeover\u201d p\u00e5 bibliotekets lilla sagorum. De v\u00e4ggfasta b\u00e4nkarna och miniportalen mot biblioteket fanns sedan tidigare. Likas\u00e5 den vackra stolen &hellip; <a href=\"http:\/\/andrea.nu\/?page_id=25\">Continue reading <span class=\"meta-nav\">&rarr;<\/span><\/a><\/p>\n","protected":false},"author":1,"featured_media":0,"parent":111,"menu_order":0,"comment_status":"open","ping_status":"open","template":"","meta":[],"_links":{"self":[{"href":"http:\/\/andrea.nu\/index.php?rest_route=\/wp\/v2\/pages\/25"}],"collection":[{"href":"http:\/\/andrea.nu\/index.php?rest_route=\/wp\/v2\/pages"}],"about":[{"href":"http:\/\/andrea.nu\/index.php?rest_route=\/wp\/v2\/types\/page"}],"author":[{"embeddable":true,"href":"http:\/\/andrea.nu\/index.php?rest_route=\/wp\/v2\/users\/1"}],"replies":[{"embeddable":true,"href":"http:\/\/andrea.nu\/index.php?rest_route=%2Fwp%2Fv2%2Fcomments&post=25"}],"version-history":[{"count":2,"href":"http:\/\/andrea.nu\/index.php?rest_route=\/wp\/v2\/pages\/25\/revisions"}],"predecessor-version":[{"id":405,"href":"http:\/\/andrea.nu\/index.php?rest_route=\/wp\/v2\/pages\/25\/revisions\/405"}],"up":[{"embeddable":true,"href":"http:\/\/andrea.nu\/index.php?rest_route=\/wp\/v2\/pages\/111"}],"wp:attachment":[{"href":"http:\/\/andrea.nu\/index.php?rest_route=%2Fwp%2Fv2%2Fmedia&parent=25"}],"curies":[{"name":"wp","href":"https:\/\/api.w.org\/{rel}","templated":true}]}}